{"id":173,"date":"2018-04-12T16:48:28","date_gmt":"2018-04-12T15:48:28","guid":{"rendered":"https:\/\/www.urfyncas.es\/home\/?page_id=173"},"modified":"2020-12-09T14:14:04","modified_gmt":"2020-12-09T13:14:04","slug":"administracion-fincas-elche","status":"publish","type":"page","link":"https:\/\/www.urfyncas.es\/home\/administracion-fincas-elche\/","title":{"rendered":""},"content":{"rendered":"<div id=\"pl-173\"  class=\"panel-layout\" ><div id=\"pg-173-0\"  class=\"panel-grid panel-has-style\" ><div class=\"siteorigin-panels-stretch panel-row-style panel-row-style-for-173-0\" data-stretch-type=\"full-stretched\" ><div id=\"pgc-173-0-0\"  class=\"panel-grid-cell\" ><div id=\"panel-173-0-0-0\" class=\"so-panel widget widget_sow-hero panel-first-child panel-last-child\" data-index=\"0\" ><div class=\"so-widget-sow-hero so-widget-sow-hero-default-9ea04b2500be-173 so-widget-fittext-wrapper\" data-fit-text-compressor=\"0.85\"><div class=\"sow-slider-base\" style=\"display: none\"><ul\n\t\t\t\t\tclass=\"sow-slider-images\"\n\t\t\t\t\tdata-settings=\"{&quot;pagination&quot;:true,&quot;speed&quot;:800,&quot;timeout&quot;:8000,&quot;paused&quot;:false,&quot;pause_on_hover&quot;:false,&quot;swipe&quot;:true,&quot;nav_always_show_desktop&quot;:&quot;&quot;,&quot;nav_always_show_mobile&quot;:&quot;&quot;,&quot;breakpoint&quot;:&quot;780px&quot;,&quot;unmute&quot;:false,&quot;anchor&quot;:null}\"\n\t\t\t\t\t\t\t\t\t>\t\t<li class=\"sow-slider-image  sow-slider-image-cover\" style=\"background-color: #333333\" >\n\t\t\t\t\t<div class=\"sow-slider-image-container\">\n\t\t\t<div class=\"sow-slider-image-wrapper\">\n\t\t\t\t<h1 style=\"text-align: center\"><span style=\"color: #ffffff\">EMPRESA<\/span><\/h1>\n<p style=\"text-align: center\"><img class=\"aligncenter wp-image-184\" src=\"http:\/\/aa-sistemas.es\/urfyncas.es\/home\/wp-content\/uploads\/2018\/04\/urf_escudocolegio.jpg\" alt=\"\" width=\"190\" height=\"117\" \/><\/p>\n\t\t\t<\/div>\n\t\t<\/div>\n\t\t<div class=\"sow-slider-image-overlay sow-slider-image-cover\" style=\"background-image: url(https:\/\/www.urfyncas.es\/home\/wp-content\/uploads\/2019\/02\/Urf_3-e1550864144499.jpg);opacity: 0.37\"  ><\/div>\t\t<\/li>\n\t\t<\/ul>\t\t\t\t<ol class=\"sow-slider-pagination\">\n\t\t\t\t\t\t\t\t\t\t\t<li><a href=\"#\" data-goto=\"0\" aria-label=\"mostrar diapositiva 1\"><\/a><\/li>\n\t\t\t\t\t\t\t\t\t<\/ol>\n\n\t\t\t\t<div class=\"sow-slide-nav sow-slide-nav-next\">\n\t\t\t\t\t<a href=\"#\" data-goto=\"next\" aria-label=\"diapositiva siguiente\" data-action=\"next\">\n\t\t\t\t\t\t<em class=\"sow-sld-icon-thin-right\"><\/em>\n\t\t\t\t\t<\/a>\n\t\t\t\t<\/div>\n\n\t\t\t\t<div class=\"sow-slide-nav sow-slide-nav-prev\">\n\t\t\t\t\t<a href=\"#\" data-goto=\"previous\" aria-label=\"diapositiva anterior\" data-action=\"prev\">\n\t\t\t\t\t\t<em class=\"sow-sld-icon-thin-left\"><\/em>\n\t\t\t\t\t<\/a>\n\t\t\t\t<\/div>\n\t\t\t\t<\/div><\/div><\/div><\/div><\/div><\/div><div id=\"pg-173-1\"  class=\"panel-grid panel-no-style\" ><div id=\"pgc-173-1-0\"  class=\"panel-grid-cell\" ><div id=\"panel-173-1-0-0\" class=\"so-panel widget widget_sow-editor panel-first-child panel-last-child\" data-index=\"1\" ><div class=\"so-widget-sow-editor so-widget-sow-editor-base\">\n<div class=\"siteorigin-widget-tinymce textwidget\">\n\t<blockquote><p>&nbsp;<\/p>\n<h5>URFYNCAS nace de la inquietud y del esp\u00ed\u00adritu emprendedor de su fundadora Yolanda S\u00e1nchez Urzay. Superaci\u00f3n, dedicaci\u00f3n, rapidez, seriedad, calidad, esfuerzo, transparencia y eficacia son los valores en los que se mueve dicho despacho.<\/h5>\n<p>&nbsp;<\/p><\/blockquote>\n<\/div>\n<\/div><\/div><\/div><div id=\"pgc-173-1-1\"  class=\"panel-grid-cell\" ><div id=\"panel-173-1-1-0\" class=\"so-panel widget widget_media_image panel-first-child panel-last-child\" data-index=\"2\" ><img width=\"640\" height=\"353\" src=\"https:\/\/www.urfyncas.es\/home\/wp-content\/uploads\/2019\/02\/Urf_3-e1550864144499.jpg\" class=\"image wp-image-224  attachment-full size-full\" alt=\"\" loading=\"lazy\" style=\"max-width: 100%; height: auto;\" srcset=\"https:\/\/www.urfyncas.es\/home\/wp-content\/uploads\/2019\/02\/Urf_3-e1550864144499.jpg 640w, https:\/\/www.urfyncas.es\/home\/wp-content\/uploads\/2019\/02\/Urf_3-e1550864144499-300x165.jpg 300w\" sizes=\"(max-width: 640px) 100vw, 640px\" \/><\/div><\/div><\/div><div id=\"pg-173-2\"  class=\"panel-grid panel-no-style\" ><div id=\"pgc-173-2-0\"  class=\"panel-grid-cell\" ><div id=\"panel-173-2-0-0\" class=\"widget_text so-panel widget widget_custom_html panel-first-child panel-last-child\" data-index=\"3\" ><div class=\"textwidget custom-html-widget\"><br\/><br\/><\/div><\/div><\/div><\/div><div id=\"pg-173-3\"  class=\"panel-grid panel-no-style\" ><div id=\"pgc-173-3-0\"  class=\"panel-grid-cell\" ><div id=\"panel-173-3-0-0\" class=\"so-panel widget widget_media_image panel-first-child panel-last-child\" data-index=\"4\" ><img width=\"640\" height=\"480\" src=\"https:\/\/www.urfyncas.es\/home\/wp-content\/uploads\/2019\/02\/Urf_2.jpg\" class=\"image wp-image-223  attachment-full size-full\" alt=\"\" loading=\"lazy\" style=\"max-width: 100%; height: auto;\" srcset=\"https:\/\/www.urfyncas.es\/home\/wp-content\/uploads\/2019\/02\/Urf_2.jpg 640w, https:\/\/www.urfyncas.es\/home\/wp-content\/uploads\/2019\/02\/Urf_2-300x225.jpg 300w\" sizes=\"(max-width: 640px) 100vw, 640px\" \/><\/div><\/div><div id=\"pgc-173-3-1\"  class=\"panel-grid-cell\" ><div id=\"panel-173-3-1-0\" class=\"so-panel widget widget_sow-editor panel-first-child panel-last-child\" data-index=\"5\" ><div class=\"so-widget-sow-editor so-widget-sow-editor-base\">\n<div class=\"siteorigin-widget-tinymce textwidget\">\n\t<blockquote>\n<p>&nbsp;<\/p>\n<h5>Se ha creado un modelo de servicio profesional de gesti\u00f3n de comunidades personalizado a cada comunidad.<br \/>\nNos avala una cartera de clientes estable que deposita su confianza en nuestro despacho.<\/h5>\n<p>&nbsp;<\/p>\n<\/blockquote>\n<\/div>\n<\/div><\/div><\/div><div id=\"pgc-173-3-2\"  class=\"panel-grid-cell\" ><div id=\"panel-173-3-2-0\" class=\"so-panel widget widget_media_image panel-first-child panel-last-child\" data-index=\"6\" ><img width=\"300\" height=\"225\" src=\"https:\/\/www.urfyncas.es\/home\/wp-content\/uploads\/2019\/02\/Urf_1-300x225.jpg\" class=\"image wp-image-222  attachment-medium size-medium\" alt=\"\" loading=\"lazy\" style=\"max-width: 100%; height: auto;\" srcset=\"https:\/\/www.urfyncas.es\/home\/wp-content\/uploads\/2019\/02\/Urf_1-300x225.jpg 300w, https:\/\/www.urfyncas.es\/home\/wp-content\/uploads\/2019\/02\/Urf_1.jpg 640w\" sizes=\"(max-width: 300px) 100vw, 300px\" \/><\/div><\/div><\/div><div id=\"pg-173-4\"  class=\"panel-grid panel-no-style\" ><div id=\"pgc-173-4-0\"  class=\"panel-grid-cell\" ><div id=\"panel-173-4-0-0\" class=\"widget_text so-panel widget widget_custom_html panel-first-child panel-last-child\" data-index=\"7\" ><div class=\"textwidget custom-html-widget\"><br\/><br\/><\/div><\/div><\/div><\/div><div id=\"pg-173-5\"  class=\"panel-grid panel-no-style\" ><div id=\"pgc-173-5-0\"  class=\"panel-grid-cell\" ><div id=\"panel-173-5-0-0\" class=\"so-panel widget widget_media_gallery panel-first-child panel-last-child\" data-index=\"8\" ><div id='gallery-1' class='gallery galleryid-173 gallery-columns-2 gallery-size-thumbnail'><figure class='gallery-item'>\n\t\t\t<div class='gallery-icon portrait'>\n\t\t\t\t<a href='https:\/\/www.urfyncas.es\/home\/administracion-fincas-elche\/descarga1\/'><img width=\"150\" height=\"150\" src=\"https:\/\/www.urfyncas.es\/home\/wp-content\/uploads\/2019\/03\/descarga1-150x150.jpg\" class=\"attachment-thumbnail size-thumbnail\" alt=\"\" loading=\"lazy\" srcset=\"https:\/\/www.urfyncas.es\/home\/wp-content\/uploads\/2019\/03\/descarga1-150x150.jpg 150w, https:\/\/www.urfyncas.es\/home\/wp-content\/uploads\/2019\/03\/descarga1.jpg 224w\" sizes=\"(max-width: 150px) 100vw, 150px\" \/><\/a>\n\t\t\t<\/div><\/figure><figure class='gallery-item'>\n\t\t\t<div class='gallery-icon landscape'>\n\t\t\t\t<a href='https:\/\/www.urfyncas.es\/home\/administracion-fincas-elche\/descarga5\/'><img width=\"150\" height=\"150\" src=\"https:\/\/www.urfyncas.es\/home\/wp-content\/uploads\/2019\/03\/descarga5-150x150.jpg\" class=\"attachment-thumbnail size-thumbnail\" alt=\"\" loading=\"lazy\" \/><\/a>\n\t\t\t<\/div><\/figure><figure class='gallery-item'>\n\t\t\t<div class='gallery-icon landscape'>\n\t\t\t\t<a href='https:\/\/www.urfyncas.es\/home\/administracion-fincas-elche\/descarga4\/'><img width=\"150\" height=\"143\" src=\"https:\/\/www.urfyncas.es\/home\/wp-content\/uploads\/2019\/03\/descarga4-150x143.jpg\" class=\"attachment-thumbnail size-thumbnail\" alt=\"\" loading=\"lazy\" \/><\/a>\n\t\t\t<\/div><\/figure>\n\t\t<\/div>\n<\/div><\/div><div id=\"pgc-173-5-1\"  class=\"panel-grid-cell\" ><div id=\"panel-173-5-1-0\" class=\"so-panel widget widget_media_image panel-first-child panel-last-child\" data-index=\"9\" ><img width=\"854\" height=\"382\" src=\"https:\/\/www.urfyncas.es\/home\/wp-content\/uploads\/2019\/02\/20180424_224217.jpg\" class=\"image wp-image-219  attachment-full size-full\" alt=\"\" loading=\"lazy\" style=\"max-width: 100%; height: auto;\" srcset=\"https:\/\/www.urfyncas.es\/home\/wp-content\/uploads\/2019\/02\/20180424_224217.jpg 854w, https:\/\/www.urfyncas.es\/home\/wp-content\/uploads\/2019\/02\/20180424_224217-300x134.jpg 300w, https:\/\/www.urfyncas.es\/home\/wp-content\/uploads\/2019\/02\/20180424_224217-768x344.jpg 768w\" sizes=\"(max-width: 854px) 100vw, 854px\" \/><\/div><\/div><div id=\"pgc-173-5-2\"  class=\"panel-grid-cell\" ><div id=\"panel-173-5-2-0\" class=\"so-panel widget widget_media_gallery panel-first-child panel-last-child\" data-index=\"10\" ><div id='gallery-2' class='gallery galleryid-173 gallery-columns-2 gallery-size-thumbnail'><figure class='gallery-item'>\n\t\t\t<div class='gallery-icon landscape'>\n\t\t\t\t<a href='https:\/\/www.urfyncas.es\/home\/administracion-fincas-elche\/descarga6\/'><img width=\"150\" height=\"122\" src=\"https:\/\/www.urfyncas.es\/home\/wp-content\/uploads\/2019\/03\/descarga6-150x122.jpg\" class=\"attachment-thumbnail size-thumbnail\" alt=\"\" loading=\"lazy\" \/><\/a>\n\t\t\t<\/div><\/figure><figure class='gallery-item'>\n\t\t\t<div class='gallery-icon landscape'>\n\t\t\t\t<a href='https:\/\/www.urfyncas.es\/home\/administracion-fincas-elche\/descarga3\/'><img width=\"150\" height=\"150\" src=\"https:\/\/www.urfyncas.es\/home\/wp-content\/uploads\/2019\/03\/descarga3-150x150.jpg\" class=\"attachment-thumbnail size-thumbnail\" alt=\"\" loading=\"lazy\" \/><\/a>\n\t\t\t<\/div><\/figure><figure class='gallery-item'>\n\t\t\t<div class='gallery-icon landscape'>\n\t\t\t\t<a href='https:\/\/www.urfyncas.es\/home\/administracion-fincas-elche\/descarga2\/'><img width=\"150\" height=\"150\" src=\"https:\/\/www.urfyncas.es\/home\/wp-content\/uploads\/2019\/03\/descarga2-150x150.jpg\" class=\"attachment-thumbnail size-thumbnail\" alt=\"\" loading=\"lazy\" \/><\/a>\n\t\t\t<\/div><\/figure>\n\t\t<\/div>\n<\/div><\/div><\/div><\/div>","protected":false},"excerpt":{"rendered":"<p>EMPRESA &nbsp; URFYNCAS nace de la inquietud y del esp\u00ed\u00adritu emprendedor de su fundadora Yolanda S\u00e1nchez Urzay. Superaci\u00f3n, dedicaci\u00f3n, rapidez, [&hellip;]<\/p>\n","protected":false},"author":1,"featured_media":0,"parent":0,"menu_order":0,"comment_status":"closed","ping_status":"closed","template":"","meta":[],"yoast_head":"<!-- This site is optimized with the Yoast SEO plugin v18.5.1 - https:\/\/yoast.com\/wordpress\/plugins\/seo\/ -->\n<title>- URFYNCAS.ES<\/title>\n<meta name=\"description\" content=\"Gestion de comunidades de propietarios en Elche y comarca\" \/>\n<meta name=\"robots\" content=\"index, follow, max-snippet:-1, max-image-preview:large, max-video-preview:-1\" \/>\n<link rel=\"canonical\" href=\"https:\/\/www.urfyncas.es\/home\/administracion-fincas-elche\/\" \/>\n<meta property=\"og:locale\" content=\"es_ES\" \/>\n<meta property=\"og:type\" content=\"article\" \/>\n<meta property=\"og:title\" content=\"- URFYNCAS.ES\" \/>\n<meta property=\"og:description\" content=\"Gestion de comunidades de propietarios en Elche y comarca\" \/>\n<meta property=\"og:url\" content=\"https:\/\/www.urfyncas.es\/home\/administracion-fincas-elche\/\" \/>\n<meta property=\"og:site_name\" content=\"URFYNCAS.ES\" \/>\n<meta property=\"article:modified_time\" content=\"2020-12-09T13:14:04+00:00\" \/>\n<meta name=\"twitter:card\" content=\"summary_large_image\" \/>\n<meta name=\"twitter:label1\" content=\"Tiempo de lectura\" \/>\n\t<meta name=\"twitter:data1\" content=\"1 minuto\" \/>\n<script type=\"application\/ld+json\" class=\"yoast-schema-graph\">{\"@context\":\"https:\/\/schema.org\",\"@graph\":[{\"@type\":\"Organization\",\"@id\":\"https:\/\/www.urfyncas.es\/home\/#organization\",\"name\":\"Urfyncas\",\"url\":\"https:\/\/www.urfyncas.es\/home\/\",\"sameAs\":[],\"logo\":{\"@type\":\"ImageObject\",\"@id\":\"https:\/\/www.urfyncas.es\/home\/#logo\",\"inLanguage\":\"es\",\"url\":\"https:\/\/www.urfyncas.es\/home\/wp-content\/uploads\/2019\/02\/urfincas-1-e1550863390513.png\",\"contentUrl\":\"https:\/\/www.urfyncas.es\/home\/wp-content\/uploads\/2019\/02\/urfincas-1-e1550863390513.png\",\"width\":280,\"height\":48,\"caption\":\"Urfyncas\"},\"image\":{\"@id\":\"https:\/\/www.urfyncas.es\/home\/#logo\"}},{\"@type\":\"WebSite\",\"@id\":\"https:\/\/www.urfyncas.es\/home\/#website\",\"url\":\"https:\/\/www.urfyncas.es\/home\/\",\"name\":\"URFYNCAS.ES\",\"description\":\"Administraci\u00f3n de fincas\",\"publisher\":{\"@id\":\"https:\/\/www.urfyncas.es\/home\/#organization\"},\"potentialAction\":[{\"@type\":\"SearchAction\",\"target\":{\"@type\":\"EntryPoint\",\"urlTemplate\":\"https:\/\/www.urfyncas.es\/home\/?s={search_term_string}\"},\"query-input\":\"required name=search_term_string\"}],\"inLanguage\":\"es\"},{\"@type\":\"WebPage\",\"@id\":\"https:\/\/www.urfyncas.es\/home\/administracion-fincas-elche\/#webpage\",\"url\":\"https:\/\/www.urfyncas.es\/home\/administracion-fincas-elche\/\",\"name\":\"- URFYNCAS.ES\",\"isPartOf\":{\"@id\":\"https:\/\/www.urfyncas.es\/home\/#website\"},\"datePublished\":\"2018-04-12T15:48:28+00:00\",\"dateModified\":\"2020-12-09T13:14:04+00:00\",\"description\":\"Gestion de comunidades de propietarios en Elche y comarca\",\"breadcrumb\":{\"@id\":\"https:\/\/www.urfyncas.es\/home\/administracion-fincas-elche\/#breadcrumb\"},\"inLanguage\":\"es\",\"potentialAction\":[{\"@type\":\"ReadAction\",\"target\":[\"https:\/\/www.urfyncas.es\/home\/administracion-fincas-elche\/\"]}]},{\"@type\":\"BreadcrumbList\",\"@id\":\"https:\/\/www.urfyncas.es\/home\/administracion-fincas-elche\/#breadcrumb\",\"itemListElement\":[{\"@type\":\"ListItem\",\"position\":1,\"name\":\"Portada\",\"item\":\"https:\/\/www.urfyncas.es\/home\/\"},{\"@type\":\"ListItem\",\"position\":2,\"name\":\"\"}]}]}<\/script>\n<!-- \/ Yoast SEO plugin. -->","yoast_head_json":{"title":"- URFYNCAS.ES","description":"Gestion de comunidades de propietarios en Elche y comarca","robots":{"index":"index","follow":"follow","max-snippet":"max-snippet:-1","max-image-preview":"max-image-preview:large","max-video-preview":"max-video-preview:-1"},"canonical":"https:\/\/www.urfyncas.es\/home\/administracion-fincas-elche\/","og_locale":"es_ES","og_type":"article","og_title":"- URFYNCAS.ES","og_description":"Gestion de comunidades de propietarios en Elche y comarca","og_url":"https:\/\/www.urfyncas.es\/home\/administracion-fincas-elche\/","og_site_name":"URFYNCAS.ES","article_modified_time":"2020-12-09T13:14:04+00:00","twitter_card":"summary_large_image","twitter_misc":{"Tiempo de lectura":"1 minuto"},"schema":{"@context":"https:\/\/schema.org","@graph":[{"@type":"Organization","@id":"https:\/\/www.urfyncas.es\/home\/#organization","name":"Urfyncas","url":"https:\/\/www.urfyncas.es\/home\/","sameAs":[],"logo":{"@type":"ImageObject","@id":"https:\/\/www.urfyncas.es\/home\/#logo","inLanguage":"es","url":"https:\/\/www.urfyncas.es\/home\/wp-content\/uploads\/2019\/02\/urfincas-1-e1550863390513.png","contentUrl":"https:\/\/www.urfyncas.es\/home\/wp-content\/uploads\/2019\/02\/urfincas-1-e1550863390513.png","width":280,"height":48,"caption":"Urfyncas"},"image":{"@id":"https:\/\/www.urfyncas.es\/home\/#logo"}},{"@type":"WebSite","@id":"https:\/\/www.urfyncas.es\/home\/#website","url":"https:\/\/www.urfyncas.es\/home\/","name":"URFYNCAS.ES","description":"Administraci\u00f3n de fincas","publisher":{"@id":"https:\/\/www.urfyncas.es\/home\/#organization"},"potentialAction":[{"@type":"SearchAction","target":{"@type":"EntryPoint","urlTemplate":"https:\/\/www.urfyncas.es\/home\/?s={search_term_string}"},"query-input":"required name=search_term_string"}],"inLanguage":"es"},{"@type":"WebPage","@id":"https:\/\/www.urfyncas.es\/home\/administracion-fincas-elche\/#webpage","url":"https:\/\/www.urfyncas.es\/home\/administracion-fincas-elche\/","name":"- URFYNCAS.ES","isPartOf":{"@id":"https:\/\/www.urfyncas.es\/home\/#website"},"datePublished":"2018-04-12T15:48:28+00:00","dateModified":"2020-12-09T13:14:04+00:00","description":"Gestion de comunidades de propietarios en Elche y comarca","breadcrumb":{"@id":"https:\/\/www.urfyncas.es\/home\/administracion-fincas-elche\/#breadcrumb"},"inLanguage":"es","potentialAction":[{"@type":"ReadAction","target":["https:\/\/www.urfyncas.es\/home\/administracion-fincas-elche\/"]}]},{"@type":"BreadcrumbList","@id":"https:\/\/www.urfyncas.es\/home\/administracion-fincas-elche\/#breadcrumb","itemListElement":[{"@type":"ListItem","position":1,"name":"Portada","item":"https:\/\/www.urfyncas.es\/home\/"},{"@type":"ListItem","position":2,"name":""}]}]}},"_links":{"self":[{"href":"https:\/\/www.urfyncas.es\/home\/wp-json\/wp\/v2\/pages\/173"}],"collection":[{"href":"https:\/\/www.urfyncas.es\/home\/wp-json\/wp\/v2\/pages"}],"about":[{"href":"https:\/\/www.urfyncas.es\/home\/wp-json\/wp\/v2\/types\/page"}],"author":[{"embeddable":true,"href":"https:\/\/www.urfyncas.es\/home\/wp-json\/wp\/v2\/users\/1"}],"replies":[{"embeddable":true,"href":"https:\/\/www.urfyncas.es\/home\/wp-json\/wp\/v2\/comments?post=173"}],"version-history":[{"count":20,"href":"https:\/\/www.urfyncas.es\/home\/wp-json\/wp\/v2\/pages\/173\/revisions"}],"predecessor-version":[{"id":374,"href":"https:\/\/www.urfyncas.es\/home\/wp-json\/wp\/v2\/pages\/173\/revisions\/374"}],"wp:attachment":[{"href":"https:\/\/www.urfyncas.es\/home\/wp-json\/wp\/v2\/media?parent=173"}],"curies":[{"name":"wp","href":"https:\/\/api.w.org\/{rel}","templated":true}]}}